{"id":78,"date":"2020-08-06T16:40:53","date_gmt":"2020-08-06T16:40:53","guid":{"rendered":"http:\/\/falconspfa.com\/?page_id=78"},"modified":"2026-04-29T13:54:20","modified_gmt":"2026-04-29T13:54:20","slug":"casa","status":"publish","type":"page","link":"https:\/\/falconspfa.com\/","title":{"rendered":"home"},"content":{"rendered":"<p>[et_pb_section fb_built=&#8221;1&#8243; _builder_version=&#8221;4.23.1&#8243; _module_preset=&#8221;default&#8221; background_image=&#8221;https:\/\/falconspfa.com\/wp-content\/uploads\/2024\/03\/Falcons_hero.jpg&#8221; height=&#8221;100vh&#8221; da_disable_devices=&#8221;off|off|off&#8221; global_colors_info=&#8221;{}&#8221; da_is_popup=&#8221;off&#8221; da_exit_intent=&#8221;off&#8221; da_has_close=&#8221;on&#8221; da_alt_close=&#8221;off&#8221; da_dark_close=&#8221;off&#8221; da_not_modal=&#8221;on&#8221; da_is_singular=&#8221;off&#8221; da_with_loader=&#8221;off&#8221; da_has_shadow=&#8221;on&#8221;][et_pb_row _builder_version=&#8221;4.16&#8243; _module_preset=&#8221;default&#8221; background_color=&#8221;rgba(0,0,0,0)&#8221; custom_margin=&#8221;65vh||||false|false&#8221; custom_margin_tablet=&#8221;&#8221; custom_margin_phone=&#8221;56vh||||false|false&#8221; custom_margin_last_edited=&#8221;on|phone&#8221; global_colors_info=&#8221;{}&#8221;][et_pb_column type=&#8221;4_4&#8243; _builder_version=&#8221;4.16&#8243; _module_preset=&#8221;default&#8221; global_colors_info=&#8221;{}&#8221;][et_pb_menu menu_id=&#8221;2&#8243; menu_style=&#8221;inline_centered_logo&#8221; logo=&#8221;https:\/\/falconspfa.com\/wp-content\/uploads\/2026\/04\/Falcons_Tuga.png&#8221; logo_max_height=&#8221;185px&#8221; _builder_version=&#8221;4.23.1&#8243; _module_preset=&#8221;default&#8221; menu_font=&#8221;Oswald|500|||||||&#8221; menu_text_color=&#8221;#ffffff&#8221; menu_font_size=&#8221;17px&#8221; menu_letter_spacing=&#8221;2px&#8221; background_color=&#8221;rgba(0,0,0,0)&#8221; hover_enabled=&#8221;0&#8243; global_colors_info=&#8221;{}&#8221; title_text=&#8221;Falcons_Tuga&#8221; sticky_enabled=&#8221;0&#8243;][\/et_pb_menu][\/et_pb_column][\/et_pb_row][\/et_pb_section][et_pb_section fb_built=&#8221;1&#8243; _builder_version=&#8221;4.16&#8243; _module_preset=&#8221;default&#8221; da_disable_devices=&#8221;off|off|off&#8221; global_colors_info=&#8221;{}&#8221; da_is_popup=&#8221;off&#8221; da_exit_intent=&#8221;off&#8221; da_has_close=&#8221;on&#8221; da_alt_close=&#8221;off&#8221; da_dark_close=&#8221;off&#8221; da_not_modal=&#8221;on&#8221; da_is_singular=&#8221;off&#8221; da_with_loader=&#8221;off&#8221; da_has_shadow=&#8221;on&#8221;][et_pb_row module_id=&#8221;sobre&#8221; _builder_version=&#8221;4.16&#8243; _module_preset=&#8221;default&#8221; global_colors_info=&#8221;{}&#8221;][et_pb_column type=&#8221;4_4&#8243; _builder_version=&#8221;4.16&#8243; _module_preset=&#8221;default&#8221; global_colors_info=&#8221;{}&#8221;][et_pb_text _builder_version=&#8221;4.16&#8243; _module_preset=&#8221;default&#8221; text_font=&#8221;Oswald||||||||&#8221; text_font_size=&#8221;19px&#8221; text_letter_spacing=&#8221;10px&#8221; global_colors_info=&#8221;{}&#8221;]<\/p>\n<p style=\"text-align: center;\">SOBRE<\/p>\n<p>[\/et_pb_text][et_pb_text _builder_version=&#8221;4.16&#8243; _module_preset=&#8221;default&#8221; global_colors_info=&#8221;{}&#8221;]<\/p>\n<p>A Falcons Portugal Football Academy \u00e9 uma Associa\u00e7\u00e3o Sem Fins Lucrativos que se dedica ao desenvolvimento dos jovens atrav\u00e9s do futebol em contexto de competi\u00e7\u00e3o e forma\u00e7\u00e3o.<\/p>\n<p>Como o pr\u00f3prio nome indica, estes objetivos t\u00eam uma vis\u00e3o internacional de promover o melhor que se faz no futebol em Portugal junto do p\u00fablico internacional.<br \/> O Falc\u00e3o, como elemento simb\u00f3lico, representa n\u00e3o s\u00f3 Cascais, local onde nasceu a Associa\u00e7\u00e3o, como tamb\u00e9m a vontade de chegar sempre mais alto e mais longe.<\/p>\n<p>Numa parceria com a Football Dream Factory e A Escolinha do Figo, A Falcons Portugal Football Academy \u00e9 a refer\u00eancia em Portugal nos projetos formativos, curriculares e extracurriculares, integrados no espa\u00e7o escolar, trabalhando com col\u00e9gios e escolas de refer\u00eancia como o Col\u00e9gio S. Tom\u00e1s, Escola Alem\u00e3, Col\u00e9gio Bafureira, CLIB,\u00a0Park International School e muitos outros.<\/p>\n<p><strong><\/strong><\/p>\n<p>[\/et_pb_text][et_pb_button button_url=&#8221;#ORGAOSSOCIAIS&#8221; button_text=&#8221;ORG\u00c3OS SOCIAIS&#8221; button_alignment=&#8221;center&#8221; _builder_version=&#8221;4.16&#8243; _module_preset=&#8221;default&#8221; custom_button=&#8221;on&#8221; button_text_size=&#8221;14px&#8221; button_text_color=&#8221;#000000&#8243; button_border_width=&#8221;1px&#8221; button_icon=&#8221;&#x21;||divi||400&#8243; global_colors_info=&#8221;{}&#8221;][\/et_pb_button][\/et_pb_column][\/et_pb_row][\/et_pb_section][et_pb_section fb_built=&#8221;1&#8243; admin_label=&#8221;Popup &#8211; #ORGAOSSOCIAIS&#8221; module_id=&#8221;ORGAOSSOCIAIS&#8221; module_class=&#8221;popup&#8221; _builder_version=&#8221;4.16&#8243; _module_preset=&#8221;default&#8221; da_is_popup=&#8221;on&#8221; da_popup_slug=&#8221;ORGAOSSOCIAIS&#8221; da_disable_devices=&#8221;off|off|off&#8221; global_colors_info=&#8221;{}&#8221; da_exit_intent=&#8221;off&#8221; da_has_close=&#8221;on&#8221; da_alt_close=&#8221;off&#8221; da_dark_close=&#8221;off&#8221; da_not_modal=&#8221;on&#8221; da_is_singular=&#8221;off&#8221; da_with_loader=&#8221;off&#8221; da_has_shadow=&#8221;on&#8221;][et_pb_row column_structure=&#8221;1_3,1_3,1_3&#8243; _builder_version=&#8221;4.16&#8243; _module_preset=&#8221;default&#8221; global_colors_info=&#8221;{}&#8221;][et_pb_column type=&#8221;1_3&#8243; _builder_version=&#8221;4.16&#8243; _module_preset=&#8221;default&#8221; global_colors_info=&#8221;{}&#8221;][et_pb_text _builder_version=&#8221;4.16&#8243; _module_preset=&#8221;default&#8221; global_colors_info=&#8221;{}&#8221;]<\/p>\n<p><strong>Direc\u00e7\u00e3o<\/strong><br \/><span>Presidente \u2013 Jo\u00e3o Santos<\/span><br \/><span>Vice-Presidente \u2013 Ant\u00f3nio Guerra<\/span><br \/><span>Secret\u00e1rio \u2013 Andr\u00e9 Farinha<\/span><\/p>\n<p>[\/et_pb_text][\/et_pb_column][et_pb_column type=&#8221;1_3&#8243; _builder_version=&#8221;4.16&#8243; _module_preset=&#8221;default&#8221; global_colors_info=&#8221;{}&#8221;][et_pb_text _builder_version=&#8221;4.16&#8243; _module_preset=&#8221;default&#8221; global_colors_info=&#8221;{}&#8221;]<\/p>\n<p><strong>Conselho Fiscal<\/strong><br \/><span>Presidente \u2013 M\u00f3nica Burnay<\/span><br \/><span>Vogal \u2013 Hugo Ferreira<\/span><br \/><span>Vogal \u2013 Victor Martins<\/span><\/p>\n<p>[\/et_pb_text][\/et_pb_column][et_pb_column type=&#8221;1_3&#8243; _builder_version=&#8221;4.16&#8243; _module_preset=&#8221;default&#8221; global_colors_info=&#8221;{}&#8221;][et_pb_text _builder_version=&#8221;4.16&#8243; _module_preset=&#8221;default&#8221; global_colors_info=&#8221;{}&#8221;]<\/p>\n<p><strong>Mesa da Assembleia Geral<\/strong><br \/><span>Presidente \u2013 Jo\u00e3o Guerra<\/span><br \/><span>1\u00ba Secret\u00e1rio \u2013 Filipe Guedes<\/span><br \/><span>2\u00ba Secret\u00e1rio \u2013 Miguel Sousa<\/span><\/p>\n<p>[\/et_pb_text][\/et_pb_column][\/et_pb_row][\/et_pb_section][et_pb_section fb_built=&#8221;1&#8243; _builder_version=&#8221;4.16&#8243; _module_preset=&#8221;default&#8221; da_disable_devices=&#8221;off|off|off&#8221; global_colors_info=&#8221;{}&#8221; da_is_popup=&#8221;off&#8221; da_exit_intent=&#8221;off&#8221; da_has_close=&#8221;on&#8221; da_alt_close=&#8221;off&#8221; da_dark_close=&#8221;off&#8221; da_not_modal=&#8221;on&#8221; da_is_singular=&#8221;off&#8221; da_with_loader=&#8221;off&#8221; da_has_shadow=&#8221;on&#8221;][et_pb_row module_id=&#8221;competicao&#8221; _builder_version=&#8221;4.16&#8243; _module_preset=&#8221;default&#8221; global_colors_info=&#8221;{}&#8221;][et_pb_column type=&#8221;4_4&#8243; _builder_version=&#8221;4.16&#8243; _module_preset=&#8221;default&#8221; global_colors_info=&#8221;{}&#8221;][et_pb_text _builder_version=&#8221;4.16&#8243; _module_preset=&#8221;default&#8221; text_font=&#8221;Oswald||||||||&#8221; text_font_size=&#8221;19px&#8221; text_letter_spacing=&#8221;10px&#8221; global_colors_info=&#8221;{}&#8221;]<\/p>\n<p style=\"text-align: center;\">COMPETI\u00c7\u00c3O<\/p>\n<p>[\/et_pb_text][\/et_pb_column][\/et_pb_row][et_pb_row column_structure=&#8221;1_4,1_4,1_4,1_4&#8243; _builder_version=&#8221;4.16&#8243; _module_preset=&#8221;default&#8221; width=&#8221;90%&#8221; global_colors_info=&#8221;{}&#8221;][et_pb_column type=&#8221;1_4&#8243; _builder_version=&#8221;4.16&#8243; _module_preset=&#8221;default&#8221; global_colors_info=&#8221;{}&#8221;][et_pb_cta title=&#8221;EQUIPAS FEDERADAS&#8221; _builder_version=&#8221;4.23.1&#8243; _module_preset=&#8221;default&#8221; header_font=&#8221;Oswald|300|||||||&#8221; header_font_size=&#8221;3vh&#8221; header_letter_spacing=&#8221;2px&#8221; background_color=&#8221;rgba(0,0,0,0)&#8221; background_image=&#8221;https:\/\/falconspfa.com\/wp-content\/uploads\/2024\/03\/Falcons_EF.jpg&#8221; height=&#8221;60vh&#8221; custom_padding=&#8221;25vh||||false|false&#8221; link_option_url=&#8221;#equipasfederadas&#8221; global_colors_info=&#8221;{}&#8221;][\/et_pb_cta][\/et_pb_column][et_pb_column type=&#8221;1_4&#8243; _builder_version=&#8221;4.16&#8243; _module_preset=&#8221;default&#8221; global_colors_info=&#8221;{}&#8221;][et_pb_cta title=&#8221;LIGA FIGUITO&#8221; _builder_version=&#8221;4.16&#8243; _module_preset=&#8221;default&#8221; header_font=&#8221;Oswald|300|||||||&#8221; header_font_size=&#8221;3vh&#8221; header_letter_spacing=&#8221;2px&#8221; background_color=&#8221;rgba(0,0,0,0)&#8221; background_image=&#8221;https:\/\/falconspfa.com\/wp-content\/uploads\/2021\/11\/comp_ligafiguito.jpg&#8221; height=&#8221;60vh&#8221; custom_padding=&#8221;25vh||||false|false&#8221; link_option_url=&#8221;#ligafiguito&#8221; global_colors_info=&#8221;{}&#8221;][\/et_pb_cta][\/et_pb_column][et_pb_column type=&#8221;1_4&#8243; _builder_version=&#8221;4.16&#8243; _module_preset=&#8221;default&#8221; global_colors_info=&#8221;{}&#8221;][et_pb_cta title=&#8221;TORNEIOS&#8221; _builder_version=&#8221;4.23.1&#8243; _module_preset=&#8221;default&#8221; header_font=&#8221;Oswald|300|||||||&#8221; header_font_size=&#8221;3vh&#8221; header_letter_spacing=&#8221;3px&#8221; background_enable_color=&#8221;off&#8221; background_image=&#8221;https:\/\/falconspfa.com\/wp-content\/uploads\/2024\/03\/Falcons_T.jpg&#8221; height=&#8221;60vh&#8221; custom_padding=&#8221;25vh||||false|false&#8221; link_option_url=&#8221;#torneios&#8221; global_colors_info=&#8221;{}&#8221;][\/et_pb_cta][\/et_pb_column][et_pb_column type=&#8221;1_4&#8243; _builder_version=&#8221;4.16&#8243; _module_preset=&#8221;default&#8221; global_colors_info=&#8221;{}&#8221;][et_pb_cta title=&#8221;SELE\u00c7\u00c3O&#8221; _builder_version=&#8221;4.16&#8243; _module_preset=&#8221;default&#8221; header_font=&#8221;Oswald|300|||||||&#8221; header_font_size=&#8221;3vh&#8221; header_letter_spacing=&#8221;3px&#8221; background_color=&#8221;rgba(0,0,0,0)&#8221; background_image=&#8221;https:\/\/falconspfa.com\/wp-content\/uploads\/2021\/11\/comp_selecao.jpg&#8221; height=&#8221;60vh&#8221; custom_padding=&#8221;25vh||||false|false&#8221; link_option_url=&#8221;#selecao&#8221; global_colors_info=&#8221;{}&#8221;][\/et_pb_cta][\/et_pb_column][\/et_pb_row][\/et_pb_section][et_pb_section fb_built=&#8221;1&#8243; admin_label=&#8221;Popup &#8211; #equipasfederadas&#8221; module_id=&#8221;equipasfederadas&#8221; module_class=&#8221;popup&#8221; _builder_version=&#8221;4.16&#8243; _module_preset=&#8221;default&#8221; da_is_popup=&#8221;on&#8221; da_popup_slug=&#8221;equipasfederadas&#8221; da_disable_devices=&#8221;off|off|off&#8221; global_colors_info=&#8221;{}&#8221; da_exit_intent=&#8221;off&#8221; da_has_close=&#8221;on&#8221; da_alt_close=&#8221;off&#8221; da_dark_close=&#8221;off&#8221; da_not_modal=&#8221;on&#8221; da_is_singular=&#8221;off&#8221; da_with_loader=&#8221;off&#8221; da_has_shadow=&#8221;on&#8221;][et_pb_row _builder_version=&#8221;4.16&#8243; _module_preset=&#8221;default&#8221; global_colors_info=&#8221;{}&#8221;][et_pb_column type=&#8221;4_4&#8243; _builder_version=&#8221;4.16&#8243; _module_preset=&#8221;default&#8221; global_colors_info=&#8221;{}&#8221;][et_pb_text _builder_version=&#8221;4.16&#8243; _module_preset=&#8221;default&#8221; text_font=&#8221;Oswald|500|||||||&#8221; text_font_size=&#8221;17px&#8221; text_letter_spacing=&#8221;3px&#8221; header_font=&#8221;Oswald||||||||&#8221; global_colors_info=&#8221;{}&#8221;]<\/p>\n<p>EQUIPAS FEDERADAS<\/p>\n<p>[\/et_pb_text][et_pb_text _builder_version=&#8221;4.16&#8243; _module_preset=&#8221;default&#8221; global_colors_info=&#8221;{}&#8221;]<\/p>\n<p>Assente num projeto ambicioso, a Falcons Portugal Football Academy conta com equipas federadas, que competem nos campeonatos oficiais organizados pelas Associa\u00e7\u00f5es de Futebol do nosso pa\u00eds.<\/p>\n<p>O objetivo desta vertente competitiva, passa por permitir aos nossos jovens uma evolu\u00e7\u00e3o desportiva e humana, que lhes permita desfrutar ao m\u00e1ximo de jogar futebol e, quem sabe, chegar um dia a jogadores profissionais.<\/p>\n<p>[\/et_pb_text][\/et_pb_column][\/et_pb_row][\/et_pb_section][et_pb_section fb_built=&#8221;1&#8243; admin_label=&#8221;Popup &#8211; #ligafiguito&#8221; module_id=&#8221;ligafiguito&#8221; module_class=&#8221;popup&#8221; _builder_version=&#8221;4.16&#8243; _module_preset=&#8221;default&#8221; da_is_popup=&#8221;on&#8221; da_popup_slug=&#8221;ligafiguito&#8221; da_disable_devices=&#8221;off|off|off&#8221; global_colors_info=&#8221;{}&#8221; da_exit_intent=&#8221;off&#8221; da_has_close=&#8221;on&#8221; da_alt_close=&#8221;off&#8221; da_dark_close=&#8221;off&#8221; da_not_modal=&#8221;on&#8221; da_is_singular=&#8221;off&#8221; da_with_loader=&#8221;off&#8221; da_has_shadow=&#8221;on&#8221;][et_pb_row _builder_version=&#8221;4.16&#8243; _module_preset=&#8221;default&#8221; global_colors_info=&#8221;{}&#8221;][et_pb_column type=&#8221;4_4&#8243; _builder_version=&#8221;4.16&#8243; _module_preset=&#8221;default&#8221; global_colors_info=&#8221;{}&#8221;][et_pb_text _builder_version=&#8221;4.16&#8243; _module_preset=&#8221;default&#8221; text_font=&#8221;Oswald|500|||||||&#8221; text_font_size=&#8221;17px&#8221; text_letter_spacing=&#8221;3px&#8221; header_font=&#8221;Oswald||||||||&#8221; global_colors_info=&#8221;{}&#8221;]<\/p>\n<p>LIGA FIGUITO<\/p>\n<p>[\/et_pb_text][et_pb_text _builder_version=&#8221;4.16&#8243; _module_preset=&#8221;default&#8221; global_colors_info=&#8221;{}&#8221;]<\/p>\n<p>A Liga Figuito \u00e9 uma competi\u00e7\u00e3o entre as v\u00e1rias academias, que se desenrola ao longo de uma \u00e9poca inteira.<\/p>\n<p>Com v\u00e1rios jogos realizados aos fins de semana, esta Liga permite aos nossos jovens colocar em pr\u00e1tica tudo o que aprendem e treinam durante a semana.<\/p>\n<p>Atrav\u00e9s de uma competi\u00e7\u00e3o saud\u00e1vel, a Liga Figuito tem como objectivos\u00a0potenciar o esp\u00edrito de equipa e proporcionar evolu\u00e7\u00e3o jogando contra outras equipas.<\/p>\n<p>[\/et_pb_text][\/et_pb_column][\/et_pb_row][\/et_pb_section][et_pb_section fb_built=&#8221;1&#8243; admin_label=&#8221;Popup &#8211; #torneios&#8221; module_id=&#8221;torneios&#8221; module_class=&#8221;popup&#8221; _builder_version=&#8221;4.16&#8243; _module_preset=&#8221;default&#8221; da_is_popup=&#8221;on&#8221; da_popup_slug=&#8221;torneios&#8221; da_disable_devices=&#8221;off|off|off&#8221; global_colors_info=&#8221;{}&#8221; da_exit_intent=&#8221;off&#8221; da_has_close=&#8221;on&#8221; da_alt_close=&#8221;off&#8221; da_dark_close=&#8221;off&#8221; da_not_modal=&#8221;on&#8221; da_is_singular=&#8221;off&#8221; da_with_loader=&#8221;off&#8221; da_has_shadow=&#8221;on&#8221;][et_pb_row _builder_version=&#8221;4.16&#8243; _module_preset=&#8221;default&#8221; global_colors_info=&#8221;{}&#8221;][et_pb_column type=&#8221;4_4&#8243; _builder_version=&#8221;4.16&#8243; _module_preset=&#8221;default&#8221; global_colors_info=&#8221;{}&#8221;][et_pb_text _builder_version=&#8221;4.16&#8243; _module_preset=&#8221;default&#8221; text_font=&#8221;Oswald|500|||||||&#8221; text_font_size=&#8221;17px&#8221; text_letter_spacing=&#8221;3px&#8221; header_font=&#8221;Oswald||||||||&#8221; global_colors_info=&#8221;{}&#8221;]<\/p>\n<p>TORNEIOS<\/p>\n<p>[\/et_pb_text][et_pb_text _builder_version=&#8221;4.16&#8243; _module_preset=&#8221;default&#8221; global_colors_info=&#8221;{}&#8221;]<\/p>\n<p>Contando j\u00e1 com v\u00e1rias participa\u00e7\u00f5es em torneios Nacionais e Internacionais, e com alguns trof\u00e9us ganhos, as nossas equipas t\u00eam nestes torneios a oportunidade de conhecer outras realidades e vivenciar experi\u00eancias que ficam para sempre guardadas na mem\u00f3ria.<\/p>\n<p>[\/et_pb_text][\/et_pb_column][\/et_pb_row][\/et_pb_section][et_pb_section fb_built=&#8221;1&#8243; admin_label=&#8221;Popup &#8211; #selecao&#8221; module_id=&#8221;selecao&#8221; module_class=&#8221;popup&#8221; _builder_version=&#8221;4.16&#8243; _module_preset=&#8221;default&#8221; da_is_popup=&#8221;on&#8221; da_popup_slug=&#8221;selecao&#8221; da_disable_devices=&#8221;off|off|off&#8221; global_colors_info=&#8221;{}&#8221; da_exit_intent=&#8221;off&#8221; da_has_close=&#8221;on&#8221; da_alt_close=&#8221;off&#8221; da_dark_close=&#8221;off&#8221; da_not_modal=&#8221;on&#8221; da_is_singular=&#8221;off&#8221; da_with_loader=&#8221;off&#8221; da_has_shadow=&#8221;on&#8221;][et_pb_row _builder_version=&#8221;4.16&#8243; _module_preset=&#8221;default&#8221; global_colors_info=&#8221;{}&#8221;][et_pb_column type=&#8221;4_4&#8243; _builder_version=&#8221;4.16&#8243; _module_preset=&#8221;default&#8221; global_colors_info=&#8221;{}&#8221;][et_pb_text _builder_version=&#8221;4.16&#8243; _module_preset=&#8221;default&#8221; text_font=&#8221;Oswald|500|||||||&#8221; text_font_size=&#8221;17px&#8221; text_letter_spacing=&#8221;3px&#8221; header_font=&#8221;Oswald||||||||&#8221; global_colors_info=&#8221;{}&#8221;]<\/p>\n<p>SELE\u00c7\u00c3O<\/p>\n<p>[\/et_pb_text][et_pb_text _builder_version=&#8221;4.16&#8243; _module_preset=&#8221;default&#8221; global_colors_info=&#8221;{}&#8221;]<\/p>\n<p>Atrav\u00e9s da escolha dos melhores jogadores de cada academia a n\u00edvel Nacional, s\u00e3o criadas as nossas &#8220;Sele\u00e7\u00f5es Nacionais&#8221;, distribu\u00eddas pelos diversos escal\u00f5es competitivos que dispomos.<\/p>\n<p>Treinando regularmente durante a \u00e9poca, estas Sele\u00e7\u00f5es s\u00e3o preparadas para participar em grandes torneios Internacionais.<\/p>\n<p>[\/et_pb_text][\/et_pb_column][\/et_pb_row][\/et_pb_section][et_pb_section fb_built=&#8221;1&#8243; disabled_on=&#8221;on|on|on&#8221; _builder_version=&#8221;4.16&#8243; _module_preset=&#8221;default&#8221; da_disable_devices=&#8221;off|off|off&#8221; disabled=&#8221;on&#8221; global_colors_info=&#8221;{}&#8221; da_is_popup=&#8221;off&#8221; da_exit_intent=&#8221;off&#8221; da_has_close=&#8221;on&#8221; da_alt_close=&#8221;off&#8221; da_dark_close=&#8221;off&#8221; da_not_modal=&#8221;on&#8221; da_is_singular=&#8221;off&#8221; da_with_loader=&#8221;off&#8221; da_has_shadow=&#8221;on&#8221;][et_pb_row _builder_version=&#8221;4.16&#8243; _module_preset=&#8221;default&#8221; global_colors_info=&#8221;{}&#8221;][et_pb_column type=&#8221;4_4&#8243; _builder_version=&#8221;4.16&#8243; _module_preset=&#8221;default&#8221; global_colors_info=&#8221;{}&#8221;][et_pb_text module_id=&#8221;calendario&#8221; _builder_version=&#8221;4.16&#8243; _module_preset=&#8221;default&#8221; text_font=&#8221;Oswald||||||||&#8221; text_font_size=&#8221;19px&#8221; text_letter_spacing=&#8221;10px&#8221; global_colors_info=&#8221;{}&#8221;]<\/p>\n<p style=\"text-align: center;\">CALEND\u00c1RIO<\/p>\n<p>[\/et_pb_text][\/et_pb_column][\/et_pb_row][et_pb_row _builder_version=&#8221;4.16&#8243; _module_preset=&#8221;default&#8221; custom_padding=&#8221;||4px|||&#8221; global_colors_info=&#8221;{}&#8221;][et_pb_column type=&#8221;4_4&#8243; _builder_version=&#8221;4.16&#8243; _module_preset=&#8221;default&#8221; global_colors_info=&#8221;{}&#8221;][et_pb_text _builder_version=&#8221;4.16&#8243; _module_preset=&#8221;default&#8221; text_font=&#8221;Oswald|300|||||||&#8221; text_font_size=&#8221;19px&#8221; text_letter_spacing=&#8221;5px&#8221; global_colors_info=&#8221;{}&#8221;]<\/p>\n<p style=\"text-align: left;\">INICIADOS<\/p>\n<p>[\/et_pb_text][\/et_pb_column][\/et_pb_row][et_pb_row column_structure=&#8221;1_4,1_4,1_4,1_4&#8243; _builder_version=&#8221;4.16&#8243; _module_preset=&#8221;default&#8221; global_colors_info=&#8221;{}&#8221;][et_pb_column type=&#8221;1_4&#8243; _builder_version=&#8221;4.16&#8243; _module_preset=&#8221;default&#8221; global_colors_info=&#8221;{}&#8221;][et_pb_text _builder_version=&#8221;4.16&#8243; _module_preset=&#8221;default&#8221; text_font=&#8221;|700|||||||&#8221; text_font_size=&#8221;16px&#8221; custom_margin=&#8221;||0px|||&#8221; global_colors_info=&#8221;{}&#8221;]<\/p>\n<p><span>Falcons PFA \u2013 Unidos<\/span><\/p>\n<p>[\/et_pb_text][et_pb_text _builder_version=&#8221;4.16&#8243; _module_preset=&#8221;default&#8221; custom_margin=&#8221;||7px|||&#8221; global_colors_info=&#8221;{}&#8221;]<\/p>\n<p><span>28\/MAI | 15:00<\/span><\/p>\n<p>[\/et_pb_text][et_pb_text _builder_version=&#8221;4.16&#8243; _module_preset=&#8221;default&#8221; global_colors_info=&#8221;{}&#8221;]<\/p>\n<p><span>Campo Quinta Barros<\/span><\/p>\n<p>[\/et_pb_text][\/et_pb_column][et_pb_column type=&#8221;1_4&#8243; _builder_version=&#8221;4.16&#8243; _module_preset=&#8221;default&#8221; global_colors_info=&#8221;{}&#8221;][et_pb_text _builder_version=&#8221;4.16&#8243; _module_preset=&#8221;default&#8221; text_font=&#8221;|700|||||||&#8221; text_font_size=&#8221;16px&#8221; custom_margin=&#8221;||0px|||&#8221; global_colors_info=&#8221;{}&#8221;]<\/p>\n<p><span>Belenenses \u2013 Falcons PFA<br \/><\/span><\/p>\n<p>[\/et_pb_text][et_pb_text _builder_version=&#8221;4.16&#8243; _module_preset=&#8221;default&#8221; custom_margin=&#8221;||7px|||&#8221; global_colors_info=&#8221;{}&#8221;]<\/p>\n<p><span>04\/JUN | 15:00<\/span><\/p>\n<p>[\/et_pb_text][et_pb_text _builder_version=&#8221;4.16&#8243; _module_preset=&#8221;default&#8221; global_colors_info=&#8221;{}&#8221;]<\/p>\n<p><span>Campo N\u00ba 3 Restelo<\/span><\/p>\n<p>[\/et_pb_text][\/et_pb_column][et_pb_column type=&#8221;1_4&#8243; _builder_version=&#8221;4.16&#8243; _module_preset=&#8221;default&#8221; global_colors_info=&#8221;{}&#8221;][\/et_pb_column][et_pb_column type=&#8221;1_4&#8243; _builder_version=&#8221;4.16&#8243; _module_preset=&#8221;default&#8221; global_colors_info=&#8221;{}&#8221;][\/et_pb_column][\/et_pb_row][et_pb_row _builder_version=&#8221;4.16&#8243; _module_preset=&#8221;default&#8221; custom_padding=&#8221;||4px|||&#8221; global_colors_info=&#8221;{}&#8221;][et_pb_column type=&#8221;4_4&#8243; _builder_version=&#8221;4.16&#8243; _module_preset=&#8221;default&#8221; global_colors_info=&#8221;{}&#8221;][et_pb_text _builder_version=&#8221;4.16&#8243; _module_preset=&#8221;default&#8221; text_font=&#8221;Oswald|300|||||||&#8221; text_font_size=&#8221;19px&#8221; text_letter_spacing=&#8221;5px&#8221; global_colors_info=&#8221;{}&#8221;]<\/p>\n<p style=\"text-align: left;\">INFANTIS<\/p>\n<p>[\/et_pb_text][\/et_pb_column][\/et_pb_row][et_pb_row column_structure=&#8221;1_4,1_4,1_4,1_4&#8243; _builder_version=&#8221;4.16&#8243; _module_preset=&#8221;default&#8221; global_colors_info=&#8221;{}&#8221;][et_pb_column type=&#8221;1_4&#8243; _builder_version=&#8221;4.16&#8243; _module_preset=&#8221;default&#8221; global_colors_info=&#8221;{}&#8221;][et_pb_text _builder_version=&#8221;4.16&#8243; _module_preset=&#8221;default&#8221; custom_margin=&#8221;||7px|||&#8221; global_colors_info=&#8221;{}&#8221;]<\/p>\n<p><span>Brevemente<\/span><\/p>\n<p>[\/et_pb_text][\/et_pb_column][et_pb_column type=&#8221;1_4&#8243; _builder_version=&#8221;4.16&#8243; _module_preset=&#8221;default&#8221; global_colors_info=&#8221;{}&#8221;][\/et_pb_column][et_pb_column type=&#8221;1_4&#8243; _builder_version=&#8221;4.16&#8243; _module_preset=&#8221;default&#8221; global_colors_info=&#8221;{}&#8221;][\/et_pb_column][et_pb_column type=&#8221;1_4&#8243; _builder_version=&#8221;4.16&#8243; _module_preset=&#8221;default&#8221; global_colors_info=&#8221;{}&#8221;][\/et_pb_column][\/et_pb_row][\/et_pb_section][et_pb_section fb_built=&#8221;1&#8243; _builder_version=&#8221;4.16&#8243; _module_preset=&#8221;default&#8221; da_disable_devices=&#8221;off|off|off&#8221; global_colors_info=&#8221;{}&#8221; da_is_popup=&#8221;off&#8221; da_exit_intent=&#8221;off&#8221; da_has_close=&#8221;on&#8221; da_alt_close=&#8221;off&#8221; da_dark_close=&#8221;off&#8221; da_not_modal=&#8221;on&#8221; da_is_singular=&#8221;off&#8221; da_with_loader=&#8221;off&#8221; da_has_shadow=&#8221;on&#8221;][et_pb_row _builder_version=&#8221;4.16&#8243; _module_preset=&#8221;default&#8221; link_option_url=&#8221;https:\/\/www.aescolinhadofigo.com\/loja\/#falconsadidas&#8221; global_colors_info=&#8221;{}&#8221;][et_pb_column type=&#8221;4_4&#8243; _builder_version=&#8221;4.16&#8243; _module_preset=&#8221;default&#8221; global_colors_info=&#8221;{}&#8221;][et_pb_image src=&#8221;https:\/\/falconspfa.com\/wp-content\/uploads\/2026\/04\/FalconsTuga_banner.png&#8221; title_text=&#8221;FalconsTuga_banner&#8221; url=&#8221;https:\/\/www.aescolinhadofigo.com\/loja\/#falconsadidas&#8221; _builder_version=&#8221;4.23.1&#8243; _module_preset=&#8221;default&#8221; hover_enabled=&#8221;0&#8243; border_radii=&#8221;on|35px|35px|35px|35px&#8221; border_radii_tablet=&#8221;on|35px|35px|35px|35px&#8221; border_radii_phone=&#8221;on|10px|10px|10px|10px&#8221; border_radii_last_edited=&#8221;on|phone&#8221; global_colors_info=&#8221;{}&#8221; sticky_enabled=&#8221;0&#8243;][\/et_pb_image][\/et_pb_column][\/et_pb_row][\/et_pb_section][et_pb_section fb_built=&#8221;1&#8243; _builder_version=&#8221;4.16&#8243; _module_preset=&#8221;default&#8221; da_disable_devices=&#8221;off|off|off&#8221; global_colors_info=&#8221;{}&#8221; da_is_popup=&#8221;off&#8221; da_exit_intent=&#8221;off&#8221; da_has_close=&#8221;on&#8221; da_alt_close=&#8221;off&#8221; da_dark_close=&#8221;off&#8221; da_not_modal=&#8221;on&#8221; da_is_singular=&#8221;off&#8221; da_with_loader=&#8221;off&#8221; da_has_shadow=&#8221;on&#8221;][et_pb_row module_id=&#8221;formacao&#8221; _builder_version=&#8221;4.16&#8243; _module_preset=&#8221;default&#8221; global_colors_info=&#8221;{}&#8221;][et_pb_column type=&#8221;4_4&#8243; _builder_version=&#8221;4.16&#8243; _module_preset=&#8221;default&#8221; global_colors_info=&#8221;{}&#8221;][et_pb_text _builder_version=&#8221;4.16&#8243; _module_preset=&#8221;default&#8221; text_font=&#8221;Oswald||||||||&#8221; text_font_size=&#8221;19px&#8221; text_letter_spacing=&#8221;10px&#8221; global_colors_info=&#8221;{}&#8221;]<\/p>\n<p style=\"text-align: center;\">FORMA\u00c7\u00c3O<\/p>\n<p>[\/et_pb_text][\/et_pb_column][\/et_pb_row][et_pb_row column_structure=&#8221;3_5,2_5&#8243; use_custom_gutter=&#8221;on&#8221; gutter_width=&#8221;1&#8243; disabled_on=&#8221;on|on|off&#8221; _builder_version=&#8221;4.16&#8243; _module_preset=&#8221;default&#8221; background_color=&#8221;rgba(214,214,214,0.1)&#8221; background_enable_image=&#8221;off&#8221; width=&#8221;100%&#8221; max_width=&#8221;2000px&#8221; custom_margin=&#8221;0px|auto|0px|auto|false|false&#8221; custom_padding=&#8221;0px||0px|||&#8221; global_colors_info=&#8221;{}&#8221;][et_pb_column type=&#8221;3_5&#8243; _builder_version=&#8221;4.16&#8243; _module_preset=&#8221;default&#8221; global_colors_info=&#8221;{}&#8221;][et_pb_cta title=&#8221;METODOLOGIA&#8221; button_url=&#8221;http:\/\/www.aescolinhadofigo.com\/&#8221; button_text=&#8221;SABE MAIS&#8221; title_last_edited=&#8221;off|desktop&#8221; _builder_version=&#8221;4.16&#8243; _module_preset=&#8221;default&#8221; header_font=&#8221;Oswald||||||||&#8221; header_letter_spacing=&#8221;3px&#8221; background_enable_color=&#8221;off&#8221; custom_button=&#8221;on&#8221; button_text_size=&#8221;16px&#8221; button_text_color=&#8221;#000000&#8243; button_border_width=&#8221;1px&#8221; button_letter_spacing=&#8221;1px&#8221; text_orientation=&#8221;left&#8221; background_layout=&#8221;light&#8221; custom_margin=&#8221;|||0px|false|false&#8221; global_colors_info=&#8221;{}&#8221;]<\/p>\n<p style=\"text-align: left;\"><strong>&#8220;As crian\u00e7as devem aprender a divertir-se enquanto se divertem a aprender&#8221;\u00a0 <\/strong><em>Lu\u00eds Figo<\/em><\/p>\n<p style=\"text-align: left;\">Metodologia desenvolvida por Lu\u00eds Figo, Dimas e pelos professores Jos\u00e9 Peseiro, J\u00falio Garganta e Rui Pacheco.<\/p>\n<p style=\"text-align: left;\">Ensino com suporte de Conte\u00fados Multim\u00e9dia Exclusivos.<\/p>\n<p style=\"text-align: left;\">Liga\u00e7\u00e3o \u00e0 plataforma global de &#8220;Scouting&#8221; Dream Football.<\/p>\n<p>[\/et_pb_cta][\/et_pb_column][et_pb_column type=&#8221;2_5&#8243; _builder_version=&#8221;4.16&#8243; _module_preset=&#8221;default&#8221; global_colors_info=&#8221;{}&#8221;][et_pb_image src=&#8221;https:\/\/falconspfa.com\/wp-content\/uploads\/2024\/03\/Falcons_M.jpg&#8221; title_text=&#8221;Falcons_M&#8221; _builder_version=&#8221;4.23.1&#8243; _module_preset=&#8221;default&#8221; global_colors_info=&#8221;{}&#8221;][\/et_pb_image][\/et_pb_column][\/et_pb_row][et_pb_row column_structure=&#8221;2_5,3_5&#8243; use_custom_gutter=&#8221;on&#8221; gutter_width=&#8221;1&#8243; disabled_on=&#8221;off|off|on&#8221; _builder_version=&#8221;4.16&#8243; _module_preset=&#8221;default&#8221; background_color=&#8221;rgba(214,214,214,0.1)&#8221; background_enable_image=&#8221;off&#8221; width=&#8221;100%&#8221; max_width=&#8221;2000px&#8221; custom_margin=&#8221;0px|auto|0px|auto|false|false&#8221; custom_padding=&#8221;0px||0px|||&#8221; global_colors_info=&#8221;{}&#8221;][et_pb_column type=&#8221;2_5&#8243; _builder_version=&#8221;4.16&#8243; _module_preset=&#8221;default&#8221; global_colors_info=&#8221;{}&#8221;][et_pb_image src=&#8221;https:\/\/falconspfa.com\/wp-content\/uploads\/2024\/03\/Falcons_M.jpg&#8221; title_text=&#8221;Falcons_M&#8221; _builder_version=&#8221;4.23.1&#8243; _module_preset=&#8221;default&#8221; global_colors_info=&#8221;{}&#8221;][\/et_pb_image][\/et_pb_column][et_pb_column type=&#8221;3_5&#8243; _builder_version=&#8221;4.16&#8243; _module_preset=&#8221;default&#8221; global_colors_info=&#8221;{}&#8221;][et_pb_cta title=&#8221;METODOLOGIA&#8221; button_url=&#8221;http:\/\/www.aescolinhadofigo.com\/&#8221; button_text=&#8221;SABE MAIS&#8221; title_last_edited=&#8221;off|desktop&#8221; _builder_version=&#8221;4.16&#8243; _module_preset=&#8221;default&#8221; header_font=&#8221;Oswald||||||||&#8221; header_letter_spacing=&#8221;3px&#8221; background_enable_color=&#8221;off&#8221; custom_button=&#8221;on&#8221; button_text_size=&#8221;18px&#8221; button_text_color=&#8221;#000000&#8243; button_border_width=&#8221;1px&#8221; button_letter_spacing=&#8221;1px&#8221; text_orientation=&#8221;left&#8221; background_layout=&#8221;light&#8221; custom_margin=&#8221;|||0px|false|false&#8221; global_colors_info=&#8221;{}&#8221;]<\/p>\n<p style=\"text-align: left;\"><strong>&#8220;As crian\u00e7as devem aprender a divertir-se enquanto se divertem a aprender&#8221;\u00a0 <\/strong><em>Lu\u00eds Figo<\/em><\/p>\n<p style=\"text-align: left;\">Metodologia desenvolvida por Lu\u00eds Figo, Dimas e pelos professores Jos\u00e9 Peseiro, J\u00falio Garganta e Rui Pacheco.<\/p>\n<p style=\"text-align: left;\">Ensino com suporte de Conte\u00fados Multim\u00e9dia Exclusivos.<\/p>\n<p style=\"text-align: left;\">Liga\u00e7\u00e3o \u00e0 plataforma global de &#8220;Scouting&#8221; Dream Football.<\/p>\n<p>[\/et_pb_cta][\/et_pb_column][\/et_pb_row][et_pb_row column_structure=&#8221;2_5,3_5&#8243; use_custom_gutter=&#8221;on&#8221; gutter_width=&#8221;1&#8243; disabled_on=&#8221;on|on|on&#8221; _builder_version=&#8221;4.16&#8243; _module_preset=&#8221;default&#8221; background_color=&#8221;rgba(214,214,214,0.07)&#8221; background_enable_image=&#8221;off&#8221; width=&#8221;100%&#8221; max_width=&#8221;2000px&#8221; custom_margin=&#8221;0px|auto||auto|false|false&#8221; custom_padding=&#8221;0px||0px|||&#8221; disabled=&#8221;on&#8221; global_colors_info=&#8221;{}&#8221;][et_pb_column type=&#8221;2_5&#8243; _builder_version=&#8221;4.16&#8243; _module_preset=&#8221;default&#8221; global_colors_info=&#8221;{}&#8221;][et_pb_image src=&#8221;https:\/\/falconspfa.com\/wp-content\/uploads\/2020\/08\/vt.jpg&#8221; title_text=&#8221;vt&#8221; _builder_version=&#8221;4.16&#8243; _module_preset=&#8221;default&#8221; global_colors_info=&#8221;{}&#8221;][\/et_pb_image][\/et_pb_column][et_pb_column type=&#8221;3_5&#8243; _builder_version=&#8221;4.16&#8243; _module_preset=&#8221;default&#8221; global_colors_info=&#8221;{}&#8221;][et_pb_cta title=&#8221;V\u00cdDEO-TREINOS&#8221; button_url=&#8221;http:\/\/www.aescolinhadofigo.com\/video-treinos\/&#8221; button_text=&#8221;sabe mais&#8221; _builder_version=&#8221;4.16&#8243; _module_preset=&#8221;default&#8221; header_font=&#8221;Oswald||||||||&#8221; header_letter_spacing=&#8221;3px&#8221; background_enable_color=&#8221;off&#8221; custom_button=&#8221;on&#8221; button_text_color=&#8221;#000000&#8243; text_orientation=&#8221;left&#8221; background_layout=&#8221;light&#8221; custom_margin=&#8221;|||0px|false|false&#8221; global_colors_info=&#8221;{}&#8221;]<\/p>\n<p>V\u00eddeo-treinos preparados pelo Lu\u00eds Figo e pela equipa t\u00e9cnica das nossas academias de futebol, para que pais e filhos possam treinar futebol em fam\u00edlia, utilizando objetos e espa\u00e7os do seu dia-a-dia.<\/p>\n<p>\u00c9 fundamental que se divirtam enquanto aprendem!<\/p>\n<p>[\/et_pb_cta][\/et_pb_column][\/et_pb_row][\/et_pb_section][et_pb_section fb_built=&#8221;1&#8243; _builder_version=&#8221;4.16&#8243; _module_preset=&#8221;default&#8221; da_disable_devices=&#8221;off|off|off&#8221; global_colors_info=&#8221;{}&#8221; da_is_popup=&#8221;off&#8221; da_exit_intent=&#8221;off&#8221; da_has_close=&#8221;on&#8221; da_alt_close=&#8221;off&#8221; da_dark_close=&#8221;off&#8221; da_not_modal=&#8221;on&#8221; da_is_singular=&#8221;off&#8221; da_with_loader=&#8221;off&#8221; da_has_shadow=&#8221;on&#8221;][et_pb_row module_id=&#8221;locais&#8221; _builder_version=&#8221;4.16&#8243; _module_preset=&#8221;default&#8221; global_colors_info=&#8221;{}&#8221;][et_pb_column type=&#8221;4_4&#8243; _builder_version=&#8221;4.16&#8243; _module_preset=&#8221;default&#8221; global_colors_info=&#8221;{}&#8221;][et_pb_text _builder_version=&#8221;4.16&#8243; _module_preset=&#8221;default&#8221; text_font=&#8221;Oswald||||||||&#8221; text_font_size=&#8221;19px&#8221; text_letter_spacing=&#8221;10px&#8221; global_colors_info=&#8221;{}&#8221;]<\/p>\n<p style=\"text-align: center;\">LOCAIS<\/p>\n<p>[\/et_pb_text][et_pb_toggle title=&#8221;Norte&#8221; _builder_version=&#8221;4.16&#8243; _module_preset=&#8221;default&#8221; custom_margin=&#8221;||7px||false|false&#8221; border_width_all=&#8221;0px&#8221; global_colors_info=&#8221;{}&#8221;]<\/p>\n<p><strong>CLIB<\/strong><br \/> Rua da Igreja Velha \u2013 Gualtar , 4710-069 Braga<\/p>\n<p>[\/et_pb_toggle][et_pb_toggle title=&#8221;Centro&#8221; _builder_version=&#8221;4.16&#8243; _module_preset=&#8221;default&#8221; custom_margin=&#8221;||7px||false|false&#8221; border_width_all=&#8221;0px&#8221; global_colors_info=&#8221;{}&#8221;]<\/p>\n<p><strong>Col\u00e9gio dos Navegantes<\/strong><br \/> Rua de Mo\u00e7ambique 22, 2330-240 Entroncamento<\/p>\n<p><strong>St. Pauls<\/strong><br \/> Rua D. Jo\u00e3o I, Centro3045-054 Coimbra<\/p>\n<p>[\/et_pb_toggle][et_pb_toggle title=&#8221;Regi\u00e3o de Lisboa&#8221; _builder_version=&#8221;4.16&#8243; _module_preset=&#8221;default&#8221; custom_margin=&#8221;||7px||false|false&#8221; border_width_all=&#8221;0px&#8221; global_colors_info=&#8221;{}&#8221;]<\/p>\n<p><strong>Col\u00e9gio de S\u00e3o Tom\u00e1s \u2013 Quinta das Conchas<\/strong><br \/> Av. Maria Helena Vieira da Silva, n\u00ba 39 | 1750-184 Lisboa<\/p>\n<p><strong>Col\u00e9gio de S\u00e3o Tom\u00e1s \u2013 Sete Rios<\/strong><br \/> Rua Prof. Lima Basto 133, 1070-212 Lisboa<\/p>\n<p><strong>Santa Casa da Miseric\u00f3rdia de Lisboa<\/strong><br \/> Av. Maria Helena Vieira da Silva, n\u00ba39 | 1750-184 Lisboa<\/p>\n<p><strong>Santa Casa da Miseric\u00f3rdia de Cascais<\/strong><br \/> Rua das Codornizes, 2750-685 Cascais<\/p>\n<p><strong>Escola Alem\u00e3 de Lisboa<\/strong><br \/> R. Prof. Francisco Lucas Pires, 1600 Lisboa<\/p>\n<p><strong>Park International School \u2013 Bel\u00e9m<\/strong><br \/> Rua Fern\u00e3o Mendes Pinto, 26 1400-146 Lisboa<\/p>\n<p><strong>Park International School \u2013 Cascais<\/strong><br \/> R. Ces\u00e1rio Verde 395, 2750-657 Cascais<\/p>\n<p><strong>Park International School \u2013 Alfragide<\/strong><br \/> Estrada de Alfragide 92, 2610-015 Amadora<\/p>\n<p><strong>Park International School \u2013 Restelo<\/strong><br \/> Estrada de Alfragide 92, 2610-015 Amadora<\/p>\n<p><strong>Col\u00e9gio de S. Jos\u00e9 \u2013 Ramalh\u00e3o<\/strong><br \/> Rua Elias Garcia, n\u00ba 2 Quinta do Ramalh\u00e3o, S\u00e3o Pedro de Penaferrim | 2710-703 Sintra<\/p>\n<p><strong>Escola 31 de Janeiro<\/strong><br \/> Rua Jos\u00e9 Elias Garcia, N\u00ba 711, 2775-218 Parede<\/p>\n<p><strong>Col\u00e9gio Parkids<\/strong><br \/> Rua Serrado do Velhinho Lt 1, 2770 \u2013 162 Pa\u00e7o de Arcos<\/p>\n<p><strong>Escola B\u00e1sica Quinta dos Frades<\/strong><br \/> Rua Lu\u00eds de Freitas Branco1600 \u2013 488 Lisboa<\/p>\n<p><strong>EB N\u00ba1 Telheiras<\/strong><br \/> Rua Jos\u00e9 Escada, 1600 \u2013 482 Lisboa<\/p>\n<p><strong>\u00c9ramos Um \u2013 Cooperativa de Ensino<\/strong><br \/> Urbaniza\u00e7\u00e3o Doroana, Praceta Vasco Morgado, Murtal<\/p>\n<p><strong>Col\u00e9gio Os Ilustres<\/strong><br \/> Praceta Francisco Cambournac, n\u00ba 2, Lojas A\/B\/C, 2675-646 Odivelas<\/p>\n<p><strong>Col\u00e9gio Santo Andr\u00e9<\/strong><br \/> Casal da Andorinhas, Quinta dos Estrangeiros, 2665-601 Venda do Pinheiro<\/p>\n<p><span style=\"font-size: 14px;\"><strong>Col\u00e9gio Europeu Astoria<\/strong><br \/> Av. Almirante Gago Coutinho n\u00ba 73, 86 e 88,1700-092 Lisboa<\/span><\/p>\n<p><strong>J.I. do Lumiar<\/strong><br \/> R. M\u00e1rio Sampaio Ribeiro 3, 1600-488 Lisboa<span style=\"font-size: 14px;\"><\/span><\/p>\n<p><strong>Col\u00e9gio da Bafureira<\/strong><br \/> Rua Dr. Camilo Dion\u00edsio \u00c1lvares 585, 2775-177 Parede<\/p>\n<p><strong>EB de S\u00e3o Vicente<\/strong><br \/> Rua Fernando Namora, 1600 \u2013 454 Lisboa<\/p>\n<p><strong>EB1 Professora Maria Costa<\/strong><br \/> Rua da Escola Prim\u00e1ria, 2675-884 Ramada<\/p>\n<p><strong>Real Col\u00e9gio de Portugal<\/strong><br \/> Rua Direita ao Pa\u00e7o do Lumiar 9, 1600-435 Lisboa<\/p>\n<p><strong>Oeiras International School<\/strong><br \/> Rua Antero de Quental 7, 2730-013 Oeiras<\/p>\n<p><strong>EB1 Portela da Az\u00f3ia<\/strong><br \/> Av. dos Descobrimentos, 2685-189 Portela<\/p>\n<p><strong>EB1\/JL Ces\u00e1rio Verde<\/strong><br \/> Rua Alvarense 129, 1685-394 Cane\u00e7as<\/p>\n<p><strong>EB Moinhos do Restelo<\/strong><br \/> Rua Capit\u00e3o-Mor Pedro Teixeira 11, 1400-203 Lisboa<\/p>\n<p><strong>Col\u00e9gio O Peluche<\/strong><br \/> Av. Nossa Sra. Rosario 440, 2750-374 Cascais<\/p>\n<p><strong>EB\/JI Quinta de Santo Ant\u00f3nio<\/strong><br \/> Rua Dr. Lu\u00eds da C\u00e2mara Pestana, Cruz de Pau, 2845-107 Amora<\/p>\n<p><strong>Eb1 Padre Andrade<\/strong><br \/> Rua da Escola, 2785-020 S\u00e3o Domingos de Rana<\/p>\n<p><strong>Eb Tires N\u00ba2<\/strong><br \/> Rua dos Cabecinhos, Urbaniza\u00e7\u00e3o Nova, 2785-159 Mato-Cheirinhos<\/p>\n<p><strong>Eb\/JI R\u00f3mulo de Carvalho<\/strong><br \/> Rua Francisco Sousa Tavares, 2785-320 S\u00e3o Domingos de Rana<\/p>\n<p><strong>Escola Patr\u00edcio Prazeres<\/strong><br \/> Rua Matilde Rosa Araujo, 1900 Lisboa<\/p>\n<p><strong>Col\u00e9gio Grow Up<\/strong><br \/> Av. Croft de Moura 9, 2995 \u2013 454 Caxias<\/p>\n<p><strong>Col\u00e9gio Verde \u00e1gua<\/strong><br \/> Rua da Porta Vermelha 6, 2640 \u2013 308 Carapinheira \u2013 Mafra<\/p>\n<p><strong>EB Artur Patroc\u00ednio<\/strong><br \/> Rua do Moinho, Bandalhoeira, 2665-005 Azueira<\/p>\n<p><strong>Funda\u00e7\u00e3o CEBI \u2013 Alverca<\/strong><br \/> Rua Maria Eduarda Segura de Faria , Edif\u00edcio Nortejo, 2615-376 Alverca do Ribatejo<\/p>\n<p><strong>EB Manique do Intendente<\/strong><br \/> Rua da Carrapatosa, 2065-328 Manique do Intendente<\/p>\n<p><strong>Centro Escolar de Alcoentre<\/strong><br \/> Rua do Alto da Cal\u00e7ada 8, 2065-014 Alcoentre<\/p>\n<p><strong>EB JI Quinta da Alegria<\/strong><br \/> Praceta Rainha Santa Isabel 18, 2685-223 Portela<\/p>\n<p><strong>EB de Amoreira<\/strong><br \/> R. Cristiano Augusto Bram\u00e3o, 2620-435 Ramada<\/p>\n<p><strong>A Raiz<\/strong><br \/> Avenida do Restelo 23, 1400-314 Lisboa<\/p>\n<p><strong>EB do Zambujal<\/strong><br \/> Largo Ant\u00f3nio S\u00e9rgio \u2013 Zambujal, 2660-381 Santo Juli\u00e3o do Tojal<\/p>\n<p><strong>EB Fernando de Bulh\u00f5es<\/strong><br \/> Avenida Luis de Meneses, 2670 Santo Antonio dos Cavaleiros<\/p>\n<p><strong>Escola Secund\u00e1ria Seomara da Costa Primo<\/strong><br \/> Rua Elias Garcia n\u00ba 329, 2700-323 Amadora<\/p>\n<p><strong>Agrupamento Moinhos da Arroja<\/strong><br \/> Rua Fernando Lopes Gra\u00e7a 3, 2675-564 Odivelas<\/p>\n<p><strong>Col\u00e9gio Amadeu Andr\u00e9s<\/strong><br \/> R. Marques da Silva 79, 1170-222 Lisboa<\/p>\n<p><strong>Agrupamento Frei Gon\u00e7alo de Azevedo<\/strong><br \/> Rua 1\u00ba de Maio, 2785-260 S\u00e3o Domingos de Rana<\/p>\n<p><strong>O Barco do Mimo<\/strong><br \/> Rua Tom\u00e1s da Anuncia\u00e7\u00e3o 7, 2745-696 Queluz<\/p>\n<p><strong>Funda\u00e7\u00e3o O S\u00e9culo<\/strong><br \/> Avenida Marginal 4350, 2765-315 Estoril<\/p>\n<p><strong>EB Almada Negreiros<\/strong><br \/> Rua Vasco da Gama Fernandes 9, 1750-443 Lisboa<\/p>\n<p><strong>EB1\/JI Maria Lamas<\/strong><br \/> Rua Dr. Manuel Sim\u00f5es Gomes Coelho 7A, 2675-411 Odivelas<\/p>\n<p><strong>EB1\/JI Santo Ant\u00f3nio<\/strong><br \/> Rua Eug\u00e9nio de Castro, 1700 \u2013 182 Lisboa<\/p>\n<p><strong>EB Actor Vale<\/strong><br \/> Rua Actor Vale, 1900 \u2013 023 Lisboa<\/p>\n<p><strong>EB1\/JI Alice Vieira<\/strong><br \/> Rua Prof. Dr. Egas Moniz 6, 2720-218 Amadora<\/p>\n<p><strong>EB Dr. M\u00e1rio Madeira<\/strong><br \/> Rua Calouste Gulbenkian, 1675-101 Pontinha<\/p>\n<p><strong>Agrupamento Bairro Padre Cruz<\/strong><br \/> Rua Prof. Ars\u00e9nio Nunes 16, 1600-597 Lisboa<\/p>\n<p><strong>EB S\u00e3o Bruno<\/strong><br \/> Rua Dona Simoa Godinho, 2760-187 Caxias<\/p>\n<p><strong>EB1 Quinta Grande<\/strong><br \/> Av. Laranjeiras, 2610-074 Amadora<\/p>\n<p><strong>Col\u00e9gio Sra Boa Nova<\/strong><br \/> Rua do Campo Santo 441, 2765-307 Estoril<\/p>\n<p><strong>Externato de S.Jos\u00e9<\/strong><br \/> Avenida das Descobertas 27, 1400-091 Lisboa<\/p>\n<p><strong>Col\u00e9gio Manuel Bernardes<\/strong><br \/> Quinta dos Azulejos, 1600-549 Pa\u00e7o do Lumiar, Lisboa<\/p>\n<p>[\/et_pb_toggle][et_pb_toggle title=&#8221;Margem Sul do Tejo&#8221; _builder_version=&#8221;4.16&#8243; _module_preset=&#8221;default&#8221; custom_margin=&#8221;||7px||false|false&#8221; border_width_all=&#8221;0px&#8221; global_colors_info=&#8221;{}&#8221;]<\/p>\n<p><strong>EB1 Sesimbra<\/strong><br \/> Avenida da Liberdade 48, 2970-635 Sesimbra<\/p>\n<p><strong>EB\/JI Cova da Piedade<\/strong><br \/> Rua de Angola, 2800-327 Almada<\/p>\n<p><strong>EB1 Quinta do Conde<\/strong><br \/> Rua Ant\u00f3nio Jos\u00e9 de Almeida \u2013 Quinta do Conde, 2975-316 Sesimbra<\/p>\n<p>&nbsp;<\/p>\n<p>[\/et_pb_toggle][et_pb_toggle title=&#8221;Sul&#8221; _builder_version=&#8221;4.16&#8243; _module_preset=&#8221;default&#8221; custom_margin=&#8221;||7px||false|false&#8221; border_width_all=&#8221;0px&#8221; global_colors_info=&#8221;{}&#8221;]<\/p>\n<p><strong>Col\u00e9gio Santiago Internacional<\/strong><br \/> Pra\u00e7a Zacarias Guerreiro 29, 8800 Tavira, Faro<\/p>\n<p>[\/et_pb_toggle][et_pb_toggle title=&#8221;Ilhas&#8221; _builder_version=&#8221;4.16&#8243; _module_preset=&#8221;default&#8221; border_width_all=&#8221;0px&#8221; global_colors_info=&#8221;{}&#8221;]<\/p>\n<p><strong>Col\u00e9gio de S. Francisco<\/strong><br \/> Canada da Penha de Fran\u00e7a, 9700-149 Angra do Hero\u00edsmo<\/p>\n<p>[\/et_pb_toggle][\/et_pb_column][\/et_pb_row][\/et_pb_section][et_pb_section fb_built=&#8221;1&#8243; _builder_version=&#8221;4.23.1&#8243; _module_preset=&#8221;default&#8221; background_image=&#8221;https:\/\/falconspfa.com\/wp-content\/uploads\/2024\/03\/Falcons_F.jpg&#8221; da_disable_devices=&#8221;off|off|off&#8221; global_colors_info=&#8221;{}&#8221; da_is_popup=&#8221;off&#8221; da_exit_intent=&#8221;off&#8221; da_has_close=&#8221;on&#8221; da_alt_close=&#8221;off&#8221; da_dark_close=&#8221;off&#8221; da_not_modal=&#8221;on&#8221; da_is_singular=&#8221;off&#8221; da_with_loader=&#8221;off&#8221; da_has_shadow=&#8221;on&#8221;][et_pb_row module_id=&#8221;inscricoes&#8221; _builder_version=&#8221;4.16&#8243; _module_preset=&#8221;default&#8221; global_colors_info=&#8221;{}&#8221;][et_pb_column type=&#8221;4_4&#8243; _builder_version=&#8221;4.16&#8243; _module_preset=&#8221;default&#8221; global_colors_info=&#8221;{}&#8221;][et_pb_text _builder_version=&#8221;4.16&#8243; _module_preset=&#8221;default&#8221; text_font=&#8221;Oswald||||||||&#8221; text_font_size=&#8221;19px&#8221; text_letter_spacing=&#8221;10px&#8221; global_colors_info=&#8221;{}&#8221;]<\/p>\n<p style=\"text-align: center;\">INFORMA\u00c7\u00d5ES<\/p>\n<p>[\/et_pb_text][et_pb_contact_form captcha=&#8221;off&#8221; email=&#8221;geral@aescolinhadofigo.com&#8221; custom_message=&#8221;Pedido de informa\u00e7\u00f5es Falcons||et_pb_line_break_holder||||et_pb_line_break_holder||%%Name%%||et_pb_line_break_holder||%%Email%%||et_pb_line_break_holder||%%Message%%&#8221; success_message=&#8221;Obrigado pelo seu pedido de informa\u00e7\u00f5es. Responderemos o mais brevemente poss\u00edvel.&#8221; submit_button_text=&#8221;ENVIAR&#8221; _builder_version=&#8221;4.16&#8243; _module_preset=&#8221;default&#8221; _unique_id=&#8221;0e0641cf-8984-4189-837b-2595d4d0ae3c&#8221; custom_button=&#8221;on&#8221; button_text_size=&#8221;16px&#8221; button_text_color=&#8221;rgba(255,255,255,0.61)&#8221; button_bg_color=&#8221;rgba(0,0,0,0.44)&#8221; button_border_width=&#8221;0px&#8221; button_border_radius=&#8221;40px&#8221; global_colors_info=&#8221;{}&#8221;][et_pb_contact_field field_id=&#8221;Name&#8221; field_title=&#8221;Nome&#8221; _builder_version=&#8221;4.16&#8243; global_colors_info=&#8221;{}&#8221; button_text_size__hover_enabled=&#8221;off&#8221; button_one_text_size__hover_enabled=&#8221;off&#8221; button_two_text_size__hover_enabled=&#8221;off&#8221; button_text_color__hover_enabled=&#8221;off&#8221; button_one_text_color__hover_enabled=&#8221;off&#8221; button_two_text_color__hover_enabled=&#8221;off&#8221; button_border_width__hover_enabled=&#8221;off&#8221; button_one_border_width__hover_enabled=&#8221;off&#8221; button_two_border_width__hover_enabled=&#8221;off&#8221; button_border_color__hover_enabled=&#8221;off&#8221; button_one_border_color__hover_enabled=&#8221;off&#8221; button_two_border_color__hover_enabled=&#8221;off&#8221; button_border_radius__hover_enabled=&#8221;off&#8221; button_one_border_radius__hover_enabled=&#8221;off&#8221; button_two_border_radius__hover_enabled=&#8221;off&#8221; button_letter_spacing__hover_enabled=&#8221;off&#8221; button_one_letter_spacing__hover_enabled=&#8221;off&#8221; button_two_letter_spacing__hover_enabled=&#8221;off&#8221; button_bg_color__hover_enabled=&#8221;off&#8221; button_one_bg_color__hover_enabled=&#8221;off&#8221; button_two_bg_color__hover_enabled=&#8221;off&#8221;][\/et_pb_contact_field][et_pb_contact_field field_id=&#8221;Email&#8221; field_title=&#8221;Email&#8221; field_type=&#8221;email&#8221; _builder_version=&#8221;4.16&#8243; global_colors_info=&#8221;{}&#8221; button_text_size__hover_enabled=&#8221;off&#8221; button_one_text_size__hover_enabled=&#8221;off&#8221; button_two_text_size__hover_enabled=&#8221;off&#8221; button_text_color__hover_enabled=&#8221;off&#8221; button_one_text_color__hover_enabled=&#8221;off&#8221; button_two_text_color__hover_enabled=&#8221;off&#8221; button_border_width__hover_enabled=&#8221;off&#8221; button_one_border_width__hover_enabled=&#8221;off&#8221; button_two_border_width__hover_enabled=&#8221;off&#8221; button_border_color__hover_enabled=&#8221;off&#8221; button_one_border_color__hover_enabled=&#8221;off&#8221; button_two_border_color__hover_enabled=&#8221;off&#8221; button_border_radius__hover_enabled=&#8221;off&#8221; button_one_border_radius__hover_enabled=&#8221;off&#8221; button_two_border_radius__hover_enabled=&#8221;off&#8221; button_letter_spacing__hover_enabled=&#8221;off&#8221; button_one_letter_spacing__hover_enabled=&#8221;off&#8221; button_two_letter_spacing__hover_enabled=&#8221;off&#8221; button_bg_color__hover_enabled=&#8221;off&#8221; button_one_bg_color__hover_enabled=&#8221;off&#8221; button_two_bg_color__hover_enabled=&#8221;off&#8221;][\/et_pb_contact_field][et_pb_contact_field field_id=&#8221;Message&#8221; field_title=&#8221;Informa\u00e7\u00f5es&#8221; field_type=&#8221;text&#8221; fullwidth_field=&#8221;on&#8221; _builder_version=&#8221;4.16&#8243; global_colors_info=&#8221;{}&#8221; button_text_size__hover_enabled=&#8221;off&#8221; button_one_text_size__hover_enabled=&#8221;off&#8221; button_two_text_size__hover_enabled=&#8221;off&#8221; button_text_color__hover_enabled=&#8221;off&#8221; button_one_text_color__hover_enabled=&#8221;off&#8221; button_two_text_color__hover_enabled=&#8221;off&#8221; button_border_width__hover_enabled=&#8221;off&#8221; button_one_border_width__hover_enabled=&#8221;off&#8221; button_two_border_width__hover_enabled=&#8221;off&#8221; button_border_color__hover_enabled=&#8221;off&#8221; button_one_border_color__hover_enabled=&#8221;off&#8221; button_two_border_color__hover_enabled=&#8221;off&#8221; button_border_radius__hover_enabled=&#8221;off&#8221; button_one_border_radius__hover_enabled=&#8221;off&#8221; button_two_border_radius__hover_enabled=&#8221;off&#8221; button_letter_spacing__hover_enabled=&#8221;off&#8221; button_one_letter_spacing__hover_enabled=&#8221;off&#8221; button_two_letter_spacing__hover_enabled=&#8221;off&#8221; button_bg_color__hover_enabled=&#8221;off&#8221; button_one_bg_color__hover_enabled=&#8221;off&#8221; button_two_bg_color__hover_enabled=&#8221;off&#8221;][\/et_pb_contact_field][\/et_pb_contact_form][\/et_pb_column][\/et_pb_row][\/et_pb_section][et_pb_section fb_built=&#8221;1&#8243; _builder_version=&#8221;4.16&#8243; _module_preset=&#8221;default&#8221; da_disable_devices=&#8221;off|off|off&#8221; global_colors_info=&#8221;{}&#8221; da_is_popup=&#8221;off&#8221; da_exit_intent=&#8221;off&#8221; da_has_close=&#8221;on&#8221; da_alt_close=&#8221;off&#8221; da_dark_close=&#8221;off&#8221; da_not_modal=&#8221;on&#8221; da_is_singular=&#8221;off&#8221; da_with_loader=&#8221;off&#8221; da_has_shadow=&#8221;on&#8221;][et_pb_row disabled_on=&#8221;off|off|off&#8221; _builder_version=&#8221;4.16&#8243; _module_preset=&#8221;default&#8221; global_colors_info=&#8221;{}&#8221;][et_pb_column type=&#8221;4_4&#8243; _builder_version=&#8221;4.16&#8243; _module_preset=&#8221;default&#8221; global_colors_info=&#8221;{}&#8221;][et_pb_text _builder_version=&#8221;4.16&#8243; _module_preset=&#8221;default&#8221; text_font=&#8221;Oswald||||||||&#8221; text_font_size=&#8221;19px&#8221; text_letter_spacing=&#8221;10px&#8221; global_colors_info=&#8221;{}&#8221;]<\/p>\n<p style=\"text-align: center;\">CONVOCAT\u00d3RIA<\/p>\n<p>[\/et_pb_text][et_pb_button button_url=&#8221;https:\/\/falconspfa.com\/wp-content\/uploads\/2023\/12\/Assembleia.pdf&#8221; url_new_window=&#8221;on&#8221; button_text=&#8221;ASSEMBLEIA GERAL ORDIN\u00c1RIA&#8221; button_alignment=&#8221;center&#8221; _builder_version=&#8221;4.23.1&#8243; _module_preset=&#8221;default&#8221; custom_button=&#8221;on&#8221; button_text_size=&#8221;17px&#8221; button_text_color=&#8221;#000000&#8243; button_border_width=&#8221;1px&#8221; global_colors_info=&#8221;{}&#8221;][\/et_pb_button][\/et_pb_column][\/et_pb_row][et_pb_row _builder_version=&#8221;4.16&#8243; _module_preset=&#8221;default&#8221; global_colors_info=&#8221;{}&#8221;][et_pb_column type=&#8221;4_4&#8243; _builder_version=&#8221;4.16&#8243; _module_preset=&#8221;default&#8221; global_colors_info=&#8221;{}&#8221;][et_pb_text _builder_version=&#8221;4.16&#8243; _module_preset=&#8221;default&#8221; text_font=&#8221;Oswald||||||||&#8221; text_font_size=&#8221;19px&#8221; text_letter_spacing=&#8221;10px&#8221; global_colors_info=&#8221;{}&#8221;]<\/p>\n<p style=\"text-align: center;\">PROJETOS SOCIAIS<\/p>\n<p>[\/et_pb_text][\/et_pb_column][\/et_pb_row][et_pb_row column_structure=&#8221;2_5,3_5&#8243; _builder_version=&#8221;4.16&#8243; _module_preset=&#8221;default&#8221; global_colors_info=&#8221;{}&#8221;][et_pb_column type=&#8221;2_5&#8243; _builder_version=&#8221;4.16&#8243; _module_preset=&#8221;default&#8221; global_colors_info=&#8221;{}&#8221;][et_pb_image src=&#8221;https:\/\/falconspfa.com\/wp-content\/uploads\/2021\/05\/golos_de_saude.jpg&#8221; title_text=&#8221;golos_de_saude&#8221; _builder_version=&#8221;4.16&#8243; _module_preset=&#8221;default&#8221; global_colors_info=&#8221;{}&#8221;][\/et_pb_image][\/et_pb_column][et_pb_column type=&#8221;3_5&#8243; _builder_version=&#8221;4.16&#8243; _module_preset=&#8221;default&#8221; global_colors_info=&#8221;{}&#8221;][et_pb_text _builder_version=&#8221;4.16&#8243; _module_preset=&#8221;default&#8221; text_font=&#8221;Oswald|500|||||||&#8221; text_letter_spacing=&#8221;3px&#8221; header_font=&#8221;Oswald||||||||&#8221; global_colors_info=&#8221;{}&#8221;]<\/p>\n<p>PORTUGAL<\/p>\n<p>[\/et_pb_text][et_pb_text _builder_version=&#8221;4.16&#8243; _module_preset=&#8221;default&#8221; global_colors_info=&#8221;{}&#8221;]<\/p>\n<p>Em parceria com a Santa Casa da Miseric\u00f3rdia de Lisboa, a Falcons realizou a\u00e7\u00f5es em alguns dos bairros menos favorecidos de Lisboa. Foram realizados check-ups m\u00e9dicos e conselhos de nutri\u00e7\u00e3o e sa\u00fade, seguido da realiza\u00e7\u00e3o de treinos e torneios de futebol dentro dos pr\u00f3prios bairros.<\/p>\n<p>[\/et_pb_text][\/et_pb_column][\/et_pb_row][et_pb_row column_structure=&#8221;2_5,3_5&#8243; _builder_version=&#8221;4.16&#8243; _module_preset=&#8221;default&#8221; global_colors_info=&#8221;{}&#8221;][et_pb_column type=&#8221;2_5&#8243; _builder_version=&#8221;4.16&#8243; _module_preset=&#8221;default&#8221; global_colors_info=&#8221;{}&#8221;][et_pb_image src=&#8221;https:\/\/falconspfa.com\/wp-content\/uploads\/2021\/05\/ugandas.jpg&#8221; title_text=&#8221;ugandas&#8221; _builder_version=&#8221;4.16&#8243; _module_preset=&#8221;default&#8221; global_colors_info=&#8221;{}&#8221;][\/et_pb_image][\/et_pb_column][et_pb_column type=&#8221;3_5&#8243; _builder_version=&#8221;4.16&#8243; _module_preset=&#8221;default&#8221; global_colors_info=&#8221;{}&#8221;][et_pb_text _builder_version=&#8221;4.16&#8243; _module_preset=&#8221;default&#8221; text_font=&#8221;Oswald|500|||||||&#8221; text_letter_spacing=&#8221;3px&#8221; header_font=&#8221;Oswald||||||||&#8221; global_colors_info=&#8221;{}&#8221;]<\/p>\n<p>UGANDA<\/p>\n<p>[\/et_pb_text][et_pb_text _builder_version=&#8221;4.16&#8243; _module_preset=&#8221;default&#8221; global_colors_info=&#8221;{}&#8221;]<\/p>\n<p>Em Janeiro de 2019, a Falcons Portugal Football Academy esteve presente no Uganda, para ajudar na implementa\u00e7\u00e3o de uma academia de futebol. Foi dada forma\u00e7\u00e3o especializada no terreno, assim como disponibiliza\u00e7\u00e3o de materiais de treino, essenciais para o come\u00e7o do projeto.<\/p>\n<p>[\/et_pb_text][\/et_pb_column][\/et_pb_row][et_pb_row column_structure=&#8221;2_5,3_5&#8243; _builder_version=&#8221;4.16&#8243; _module_preset=&#8221;default&#8221; global_colors_info=&#8221;{}&#8221;][et_pb_column type=&#8221;2_5&#8243; _builder_version=&#8221;4.16&#8243; _module_preset=&#8221;default&#8221; global_colors_info=&#8221;{}&#8221;][et_pb_image src=&#8221;https:\/\/falconspfa.com\/wp-content\/uploads\/2021\/05\/upp.jpg&#8221; title_text=&#8221;upp&#8221; _builder_version=&#8221;4.16&#8243; _module_preset=&#8221;default&#8221; global_colors_info=&#8221;{}&#8221;][\/et_pb_image][\/et_pb_column][et_pb_column type=&#8221;3_5&#8243; _builder_version=&#8221;4.16&#8243; _module_preset=&#8221;default&#8221; global_colors_info=&#8221;{}&#8221;][et_pb_text _builder_version=&#8221;4.16&#8243; _module_preset=&#8221;default&#8221; text_font=&#8221;Oswald|500|||||||&#8221; text_letter_spacing=&#8221;3px&#8221; header_font=&#8221;Oswald||||||||&#8221; global_colors_info=&#8221;{}&#8221;]<\/p>\n<p>BRASIL<\/p>\n<p>[\/et_pb_text][et_pb_text _builder_version=&#8221;4.16&#8243; _module_preset=&#8221;default&#8221; global_colors_info=&#8221;{}&#8221;]<\/p>\n<p>Realiza\u00e7\u00e3o de mega evento nas favelas do Rio de Janeiro, com o objetivo de aliar o futebol \u00e0 sa\u00fade e \u00e0 participa\u00e7\u00e3o escolar dos jovens. Este evento juntou cerca de 3000 participantes entre os 10 e os 16 anos, gerando enorme impacto e envolvimento em toda a comunidade.<\/p>\n<p>[\/et_pb_text][\/et_pb_column][\/et_pb_row][et_pb_row column_structure=&#8221;2_5,3_5&#8243; _builder_version=&#8221;4.16&#8243; _module_preset=&#8221;default&#8221; global_colors_info=&#8221;{}&#8221;][et_pb_column type=&#8221;2_5&#8243; _builder_version=&#8221;4.16&#8243; _module_preset=&#8221;default&#8221; global_colors_info=&#8221;{}&#8221;][et_pb_image src=&#8221;https:\/\/falconspfa.com\/wp-content\/uploads\/2021\/05\/turquia.jpg&#8221; title_text=&#8221;turquia&#8221; _builder_version=&#8221;4.16&#8243; _module_preset=&#8221;default&#8221; global_colors_info=&#8221;{}&#8221;][\/et_pb_image][\/et_pb_column][et_pb_column type=&#8221;3_5&#8243; _builder_version=&#8221;4.16&#8243; _module_preset=&#8221;default&#8221; global_colors_info=&#8221;{}&#8221;][et_pb_text _builder_version=&#8221;4.16&#8243; _module_preset=&#8221;default&#8221; text_font=&#8221;Oswald|500|||||||&#8221; text_letter_spacing=&#8221;3px&#8221; header_font=&#8221;Oswald||||||||&#8221; global_colors_info=&#8221;{}&#8221;]<\/p>\n<p>TURQUIA<\/p>\n<p>[\/et_pb_text][et_pb_text _builder_version=&#8221;4.16&#8243; _module_preset=&#8221;default&#8221; global_colors_info=&#8221;{}&#8221;]<\/p>\n<p>Durante 5 meses, foram realizadas v\u00e1rias a\u00e7\u00f5es na Turquia, juntando ao todo cerca de 7000 jovens entre os 7 e os 15 anos de idade. Estes jovens tiveram a oportunidade \u00fanica de mostrar o seu talento e realizarem o sonho de se tornarem jogadores de futebol.<\/p>\n<p>[\/et_pb_text][\/et_pb_column][\/et_pb_row][\/et_pb_section][et_pb_section fb_built=&#8221;1&#8243; _builder_version=&#8221;4.16&#8243; _module_preset=&#8221;default&#8221; background_enable_image=&#8221;off&#8221; custom_margin=&#8221;||-150px|||&#8221; da_disable_devices=&#8221;off|off|off&#8221; global_colors_info=&#8221;{}&#8221; da_is_popup=&#8221;off&#8221; da_exit_intent=&#8221;off&#8221; da_has_close=&#8221;on&#8221; da_alt_close=&#8221;off&#8221; da_dark_close=&#8221;off&#8221; da_not_modal=&#8221;on&#8221; da_is_singular=&#8221;off&#8221; da_with_loader=&#8221;off&#8221; da_has_shadow=&#8221;on&#8221;][et_pb_row module_id=&#8221;estagios&#8221; _builder_version=&#8221;4.16&#8243; _module_preset=&#8221;default&#8221; global_colors_info=&#8221;{}&#8221;][et_pb_column type=&#8221;4_4&#8243; _builder_version=&#8221;4.16&#8243; _module_preset=&#8221;default&#8221; global_colors_info=&#8221;{}&#8221;][et_pb_text _builder_version=&#8221;4.16&#8243; _module_preset=&#8221;default&#8221; text_font=&#8221;Oswald||||||||&#8221; text_font_size=&#8221;19px&#8221; text_letter_spacing=&#8221;10px&#8221; global_colors_info=&#8221;{}&#8221;]<\/p>\n<p style=\"text-align: center;\">EST\u00c1GIOS<\/p>\n<p>[\/et_pb_text][\/et_pb_column][\/et_pb_row][et_pb_row column_structure=&#8221;2_5,3_5&#8243; use_custom_gutter=&#8221;on&#8221; gutter_width=&#8221;1&#8243; _builder_version=&#8221;4.16&#8243; _module_preset=&#8221;default&#8221; width=&#8221;100%&#8221; max_width=&#8221;2560px&#8221; global_colors_info=&#8221;{}&#8221;][et_pb_column type=&#8221;2_5&#8243; _builder_version=&#8221;4.16&#8243; _module_preset=&#8221;default&#8221; global_colors_info=&#8221;{}&#8221;][et_pb_image src=&#8221;https:\/\/falconspfa.com\/wp-content\/uploads\/2020\/08\/237.jpg&#8221; title_text=&#8221;237&#8243; _builder_version=&#8221;4.16&#8243; _module_preset=&#8221;default&#8221; custom_padding=&#8221;||0px|||&#8221; global_colors_info=&#8221;{}&#8221;][\/et_pb_image][\/et_pb_column][et_pb_column type=&#8221;3_5&#8243; _builder_version=&#8221;4.16&#8243; _module_preset=&#8221;default&#8221; global_colors_info=&#8221;{}&#8221;][et_pb_cta button_text=&#8221;Click Here&#8221; _builder_version=&#8221;4.16&#8243; _module_preset=&#8221;default&#8221; header_font=&#8221;Oswald||||||||&#8221; header_letter_spacing=&#8221;8px&#8221; body_line_height=&#8221;1.4em&#8221; background_color=&#8221;rgba(0,0,0,0)&#8221; text_orientation=&#8221;left&#8221; background_layout=&#8221;light&#8221; custom_padding=&#8221;0px||0px|||&#8221; global_colors_info=&#8221;{}&#8221;]<\/p>\n<p>&nbsp;<\/p>\n<p>A Falcons Portugal Football Academy organiza est\u00e1gios para equipa nacionais e internacionais em Portugal em diversas localiza\u00e7\u00f5es e sempre em instala\u00e7\u00f5es de topo.<\/p>\n<p>A nossa equipa entrega um servi\u00e7o completo que pode incluir:<\/p>\n<p>&#8211; Campos de Treino<\/p>\n<p>&#8211; Gin\u00e1sio e outras instala\u00e7\u00f5es e servi\u00e7os desportivos complementares<\/p>\n<p>&#8211; Hot\u00e9is<\/p>\n<p>&#8211; Jogos-treino com outra equipas<\/p>\n<p>&#8211; Refei\u00e7\u00f5es<\/p>\n<p>&#8211; Transfers<\/p>\n<p>&#8211; Entretenimento<\/p>\n<p>[\/et_pb_cta][\/et_pb_column][\/et_pb_row][et_pb_row _builder_version=&#8221;4.16&#8243; _module_preset=&#8221;default&#8221; global_colors_info=&#8221;{}&#8221;][et_pb_column type=&#8221;4_4&#8243; _builder_version=&#8221;4.16&#8243; _module_preset=&#8221;default&#8221; global_colors_info=&#8221;{}&#8221;][et_pb_divider show_divider=&#8221;off&#8221; _builder_version=&#8221;4.16&#8243; _module_preset=&#8221;default&#8221; global_colors_info=&#8221;{}&#8221;][\/et_pb_divider][\/et_pb_column][\/et_pb_row][\/et_pb_section][et_pb_section fb_built=&#8221;1&#8243; _builder_version=&#8221;4.16&#8243; _module_preset=&#8221;default&#8221; da_disable_devices=&#8221;off|off|off&#8221; global_colors_info=&#8221;{}&#8221; da_is_popup=&#8221;off&#8221; da_exit_intent=&#8221;off&#8221; da_has_close=&#8221;on&#8221; da_alt_close=&#8221;off&#8221; da_dark_close=&#8221;off&#8221; da_not_modal=&#8221;on&#8221; da_is_singular=&#8221;off&#8221; da_with_loader=&#8221;off&#8221; da_has_shadow=&#8221;on&#8221;][et_pb_row _builder_version=&#8221;4.16&#8243; _module_preset=&#8221;default&#8221; global_colors_info=&#8221;{}&#8221;][et_pb_column type=&#8221;4_4&#8243; _builder_version=&#8221;4.16&#8243; _module_preset=&#8221;default&#8221; global_colors_info=&#8221;{}&#8221;][et_pb_text module_id=&#8221;contactos&#8221; _builder_version=&#8221;4.16&#8243; _module_preset=&#8221;default&#8221; text_font=&#8221;Oswald||||||||&#8221; text_font_size=&#8221;19px&#8221; text_letter_spacing=&#8221;10px&#8221; global_colors_info=&#8221;{}&#8221;]<\/p>\n<p style=\"text-align: center;\">CONTACTOS<\/p>\n<p>[\/et_pb_text][et_pb_text _builder_version=&#8221;4.16&#8243; _module_preset=&#8221;default&#8221; global_colors_info=&#8221;{}&#8221;]<\/p>\n<p style=\"text-align: center;\">t\u2022 927 163 726\u00a0 \u00a0 |\u00a0 \u00a0 t\u2022 925 984 840\u00a0 \u00a0 |\u00a0 \u00a0 e\u2022 falcons@afl.pt<\/p>\n<p>[\/et_pb_text][et_pb_social_media_follow _builder_version=&#8221;4.16&#8243; _module_preset=&#8221;default&#8221; text_orientation=&#8221;center&#8221; global_colors_info=&#8221;{}&#8221;][et_pb_social_media_follow_network social_network=&#8221;instagram&#8221; url=&#8221;https:\/\/www.instagram.com\/falconspfa&#8221; _builder_version=&#8221;4.16&#8243; _module_preset=&#8221;default&#8221; background_color=&#8221;#ea2c59&#8243; global_colors_info=&#8221;{}&#8221; follow_button=&#8221;off&#8221; url_new_window=&#8221;on&#8221;]instagram[\/et_pb_social_media_follow_network][et_pb_social_media_follow_network social_network=&#8221;facebook&#8221; url=&#8221;https:\/\/www.facebook.com\/falconspfa&#8221; _builder_version=&#8221;4.16&#8243; _module_preset=&#8221;default&#8221; background_color=&#8221;#3b5998&#8243; global_colors_info=&#8221;{}&#8221; follow_button=&#8221;off&#8221; url_new_window=&#8221;on&#8221;]facebook[\/et_pb_social_media_follow_network][et_pb_social_media_follow_network social_network=&#8221;youtube&#8221; url=&#8221;https:\/\/www.youtube.com\/channel\/UCUf-MlltEerkS3HQeDt4F8Q&#8221; _builder_version=&#8221;4.16&#8243; _module_preset=&#8221;default&#8221; background_color=&#8221;#a82400&#8243; global_colors_info=&#8221;{}&#8221; follow_button=&#8221;off&#8221; url_new_window=&#8221;on&#8221;]youtube[\/et_pb_social_media_follow_network][\/et_pb_social_media_follow][et_pb_text _builder_version=&#8221;4.16&#8243; _module_preset=&#8221;default&#8221; text_font=&#8221;Oswald|300|||||||&#8221; text_letter_spacing=&#8221;5px&#8221; global_colors_info=&#8221;{}&#8221;]<\/p>\n<p style=\"text-align: center;\">PARCEIROS<\/p>\n<p>[\/et_pb_text][\/et_pb_column][\/et_pb_row][et_pb_row column_structure=&#8221;1_6,1_6,1_6,1_6,1_6,1_6&#8243; use_custom_gutter=&#8221;on&#8221; _builder_version=&#8221;4.16&#8243; _module_preset=&#8221;default&#8221; width=&#8221;35%&#8221; custom_padding=&#8221;0px|||||&#8221; global_colors_info=&#8221;{}&#8221;][et_pb_column type=&#8221;1_6&#8243; _builder_version=&#8221;4.16&#8243; _module_preset=&#8221;default&#8221; global_colors_info=&#8221;{}&#8221;][et_pb_image src=&#8221;https:\/\/falconspfa.com\/wp-content\/uploads\/2021\/11\/AEDF_r.png&#8221; title_text=&#8221;AEDF_r&#8221; url=&#8221;http:\/\/www.aescolinhadofigo.com&#8221; _builder_version=&#8221;4.16&#8243; _module_preset=&#8221;default&#8221; global_colors_info=&#8221;{}&#8221;][\/et_pb_image][\/et_pb_column][et_pb_column type=&#8221;1_6&#8243; _builder_version=&#8221;4.16&#8243; _module_preset=&#8221;default&#8221; global_colors_info=&#8221;{}&#8221;][et_pb_image src=&#8221;https:\/\/falconspfa.com\/wp-content\/uploads\/2025\/03\/Tuga.png&#8221; title_text=&#8221;Tuga&#8221; _builder_version=&#8221;4.23.1&#8243; _module_preset=&#8221;default&#8221; global_colors_info=&#8221;{}&#8221;][\/et_pb_image][\/et_pb_column][et_pb_column type=&#8221;1_6&#8243; _builder_version=&#8221;4.16&#8243; _module_preset=&#8221;default&#8221; global_colors_info=&#8221;{}&#8221;][et_pb_image src=&#8221;https:\/\/falconspfa.com\/wp-content\/uploads\/2021\/11\/SC_r.png&#8221; title_text=&#8221;SC_r&#8221; url=&#8221;https:\/\/www.scml.pt&#8221; _builder_version=&#8221;4.16&#8243; _module_preset=&#8221;default&#8221; global_colors_info=&#8221;{}&#8221;][\/et_pb_image][\/et_pb_column][et_pb_column type=&#8221;1_6&#8243; _builder_version=&#8221;4.16&#8243; _module_preset=&#8221;default&#8221; global_colors_info=&#8221;{}&#8221;][et_pb_image src=&#8221;https:\/\/falconspfa.com\/wp-content\/uploads\/2025\/03\/SL.png&#8221; title_text=&#8221;SL&#8221; _builder_version=&#8221;4.23.1&#8243; _module_preset=&#8221;default&#8221; global_colors_info=&#8221;{}&#8221;][\/et_pb_image][\/et_pb_column][et_pb_column type=&#8221;1_6&#8243; _builder_version=&#8221;4.16&#8243; _module_preset=&#8221;default&#8221; global_colors_info=&#8221;{}&#8221;][et_pb_image src=&#8221;https:\/\/falconspfa.com\/wp-content\/uploads\/2021\/12\/DF_Logo.png&#8221; title_text=&#8221;DF_Logo&#8221; url=&#8221;https:\/\/dreamfootball.com\/&#8221; _builder_version=&#8221;4.23.1&#8243; _module_preset=&#8221;default&#8221; global_colors_info=&#8221;{}&#8221;][\/et_pb_image][\/et_pb_column][et_pb_column type=&#8221;1_6&#8243; _builder_version=&#8221;4.16&#8243; _module_preset=&#8221;default&#8221; global_colors_info=&#8221;{}&#8221;][et_pb_image src=&#8221;https:\/\/falconspfa.com\/wp-content\/uploads\/2025\/03\/MRE.png&#8221; title_text=&#8221;MRE&#8221; url=&#8221;https:\/\/www.marinharealestate.com\/&#8221; align=&#8221;center&#8221; force_fullwidth=&#8221;on&#8221; _builder_version=&#8221;4.23.1&#8243; _module_preset=&#8221;default&#8221; global_colors_info=&#8221;{}&#8221;][\/et_pb_image][\/et_pb_column][\/et_pb_row][\/et_pb_section]<\/p>\n","protected":false},"excerpt":{"rendered":"<p>SOBREA Falcons Portugal Football Academy \u00e9 uma Associa\u00e7\u00e3o Sem Fins Lucrativos que se dedica ao desenvolvimento dos jovens atrav\u00e9s do futebol em contexto de competi\u00e7\u00e3o e forma\u00e7\u00e3o. Como o pr\u00f3prio nome indica, estes objetivos t\u00eam uma vis\u00e3o internacional de promover o melhor que se faz no futebol em Portugal junto do p\u00fablico internacional. O Falc\u00e3o, [&hellip;]<\/p>\n","protected":false},"author":1,"featured_media":0,"parent":0,"menu_order":0,"comment_status":"closed","ping_status":"closed","template":"page-template-blank.php","meta":{"_et_pb_use_builder":"on","_et_pb_old_content":"","_et_gb_content_width":"","inline_featured_image":false,"footnotes":""},"class_list":["post-78","page","type-page","status-publish","hentry"],"_links":{"self":[{"href":"https:\/\/falconspfa.com\/index.php\/wp-json\/wp\/v2\/pages\/78","targetHints":{"allow":["GET"]}}],"collection":[{"href":"https:\/\/falconspfa.com\/index.php\/wp-json\/wp\/v2\/pages"}],"about":[{"href":"https:\/\/falconspfa.com\/index.php\/wp-json\/wp\/v2\/types\/page"}],"author":[{"embeddable":true,"href":"https:\/\/falconspfa.com\/index.php\/wp-json\/wp\/v2\/users\/1"}],"replies":[{"embeddable":true,"href":"https:\/\/falconspfa.com\/index.php\/wp-json\/wp\/v2\/comments?post=78"}],"version-history":[{"count":151,"href":"https:\/\/falconspfa.com\/index.php\/wp-json\/wp\/v2\/pages\/78\/revisions"}],"predecessor-version":[{"id":449,"href":"https:\/\/falconspfa.com\/index.php\/wp-json\/wp\/v2\/pages\/78\/revisions\/449"}],"wp:attachment":[{"href":"https:\/\/falconspfa.com\/index.php\/wp-json\/wp\/v2\/media?parent=78"}],"curies":[{"name":"wp","href":"https:\/\/api.w.org\/{rel}","templated":true}]}}